{"id":4461,"date":"2020-04-16T10:21:40","date_gmt":"2020-04-16T09:21:40","guid":{"rendered":"http:\/\/vedlich.info\/?page_id=4461"},"modified":"2025-03-17T13:31:39","modified_gmt":"2025-03-17T12:31:39","slug":"english","status":"publish","type":"page","link":"https:\/\/vedlich.info\/?page_id=4461","title":{"rendered":"English"},"content":{"rendered":"\n<p>Dear friends,<\/p>\n\n\n\n<p>Welcome to my Web pages.  You will find information on my daily life. <\/p>\n\n\n\n<p><a href=\"#01\">About Me<\/a> | <a href=\"#02\">My Supporters<\/a> | <a href=\"#03\">Slu\u0161n\u00e1 politika<\/a> | <a href=\"#04\">Projects<\/a><\/p>\n\n\n\n<div style=\"height:20px\" aria-hidden=\"true\" class=\"wp-block-spacer\"><\/div>\n\n\n\n<h2 class=\"wp-block-heading\" id=\"01\"><strong>About Me<\/strong><\/h2>\n\n\n\n<p>I was born in Hradec Kr\u00e1lov\u00e9 and I have\nevery stayed loyal to this beautiful city. It holds so many cherished memories\nof my childhood, studies and profession life.<\/p>\n\n\n\n<p>The phase that I regard as one of the most\nimportant periods in my life is involvement in the 1989 revolution activities. &nbsp;In those days, I was a member of the Student\nStrike Committee so I participated in organizing protest demonstrations and\nnegotiations with the ruling class. I have respected V\u00e1clav Havel, and\nespecially his belief that no law, no constitution, no public official may be\nmore than ordinary justice since then. I have been pursuing that attitude in\nall public or manager posts I have held or I am holding now. I believe that\npoliteness, humanity and diligence should be the basic values of any political\nofficial. &nbsp;&nbsp;<\/p>\n\n\n\n<p>I was elected to the Local Authority where I worked as Deputy Mayor for the city development. I had a clear vision of how to help make Hradec Kr\u00e1lov\u00e9 a better place for living at the very beginning. During the period when I worked at the Municipality, I tried to ensure that the system of procurement procedure was made transparent so a good amount of financial resources could be saved out of the budget. Additionally, hugely successful drawing of subsidies from the European Union due to introduction of an integrated development plan added to the financial stability in the city. Municipal investments were directed towards the public space revitalization with the aim to restore the life there. So we were restoring significant squares and streets, parks and sports grounds in Hradec Kr\u00e1lov\u00e9. We have managed to build up fairly interesting space on the site of historical city terraces or the Labe banks. We did remember public facilities. New kindergartens have arisen in the city and some objects were renovated where the citizens are provided with public services. &nbsp;&nbsp;&nbsp;<\/p>\n\n\n\n<p>I have been involved in politics since my student years, I guess, I will always be there to help wherever and whenever needed. No matter it is at the local, regional or national levels. I do my best in all manager posts I have ever held, in politics, in the life, the public sphere and relations, at the University in Hradec Kr\u00e1lov\u00e9. I am proud that people trust me, that I am regarded as a honest, fair and sincere man, politician or human being. I think than being the true man, human, helpful and beneficial is my mission.<\/p>\n\n\n\n<p class=\"has-text-align-right\"><\/p>\n\n\n\n<div style=\"height:40px\" aria-hidden=\"true\" class=\"wp-block-spacer\"><\/div>\n\n\n\n<h2 class=\"wp-block-heading\" id=\"02\"><strong>My Supporters<\/strong><\/h2>\n\n\n\n<p><strong>doc. MUDr. Karel Bart\u00e1k, CSc.<\/strong><\/p>\n\n\n\n<p> <strong>Senator (1996-2008) and University Teacher<\/strong> <\/p>\n\n\n\n<p>I was a Senator in the Parliament of the Czech Republic between 1996 and 2008. Jind\u0159ich Vedlich was my assistant and the manager of the senatorial office in Hradec Kr\u00e1lov\u00e9 all the time. What I want to say is that provided you voluntary work with a man for twelve years, so he must meet your professional and moral criterions. I value Jind\u0159ich for his personality and his manager skills. I could always lean on his words and deeds. Jindra was born and studied in Hradec Kr\u00e1lov\u00e9 where he has been living all his life. Since he knows a lot of people in the region and is able to communicate in a non-conflicting way, I frequently entrusted him with talks with representatives of bodies and organizations of the statutory city of Hradec Kr\u00e1lov\u00e9. He also did a good job in the social sphere beyond the senatorial office. Help to the needy apparently brings him also his personal fulfilment.&nbsp; &nbsp;<\/p>\n\n\n\n<div style=\"height:20px\" aria-hidden=\"true\" class=\"wp-block-spacer\"><\/div>\n\n\n\n<p><strong>Mgr. Tom\u00e1\u0161 Zdechovsk\u00fd<\/strong><\/p>\n\n\n\n<p><strong>Member of the European Parliament<\/strong><\/p>\n\n\n\n<p>I highly value Jind\u0159ich\u2019s professional\nattitude and politeness in all political spheres. I am happy there are right\nsuch people in public administration who regard their profession as their\nmission and do not resign themselves to the human values such as politeness and\ndiligence.<\/p>\n\n\n\n<div style=\"height:20px\" aria-hidden=\"true\" class=\"wp-block-spacer\"><\/div>\n\n\n\n<p><strong>Miroslav Ber\u00e1nek<\/strong><\/p>\n\n\n\n<p><strong>\u2018Hradeck\u00fd Maj\u00e1les\u2019 (Hradec Kr\u00e1lov\u00e9\u2019s\nMay Festival) Organizer<\/strong><\/p>\n\n\n\n<p>Hradeck\u00fd Maj\u00e1les has been among the most\npopular events in Hradec Kr\u00e1lov\u00e9, and I must say that it is thanks to a perfect\nsupport and cooperation with people from the Municipality. Jindra was always\namong the helpful and I thank him a lot. The thing that I like is that he is a\nregular visitor to Maj\u00e1les so he knows that it is not that easy to arrange such\na huge event, and I must appreciate that although he was always very busy he\nhad always his door open for us. Together we found a way how to solve both\nlittle and big problems. Jindra, thank you!<\/p>\n\n\n\n<div style=\"height:20px\" aria-hidden=\"true\" class=\"wp-block-spacer\"><\/div>\n\n\n\n<p><strong>prof. PhDr. Ji\u0159\u00ed Skopal, CSc.<\/strong><\/p>\n\n\n\n<p><strong>Artistic Director of \u2018Jitro\u2019 choir, Deputy\nHead Teacher of the Elementary School of Arts<\/strong><\/p>\n\n\n\n<p>I have known Jind\u0159ich Vedlich for many\nyears and I have ever regarded him as a polite man. I am very happy about that\nthe position of Deputy Mayor he held has not changed his character. He is still\nthe same and hard working, the one who never hesitates as to give his hand to\nothers. My warm thanks go to him especially for his help with renovating the\nbuilding of our Elementary School of Arts Jitro. I meet him mostly at our choir\nconcerts he goes to regularly. He who loves music is usually a good man.<\/p>\n\n\n\n<div style=\"height:20px\" aria-hidden=\"true\" class=\"wp-block-spacer\"><\/div>\n\n\n\n<p><strong>Mgr. Daniel Kroupa, Ph.D.<\/strong><\/p>\n\n\n\n<p><strong>University Teacher, Political\nScientist, Charter 77 Signatory<\/strong><\/p>\n\n\n\n<p>I have known Jinra Vedlich for long. I can say, with clear conscience, he is a good man and a responsible politician with whom cooperation has been ever exemplary. Yet I mostly value his desire to fight for freedom and democracy. Jindra, I support you in your political activities and I warmly greet you and all your sympathizers. <\/p>\n\n\n\n<div style=\"height:20px\" aria-hidden=\"true\" class=\"wp-block-spacer\"><\/div>\n\n\n\n<p><strong>Ing. arch. Jan Ritter<\/strong><\/p>\n\n\n\n<p><strong>Chairperson of\nLabsk\u00e1 stezka o.s. and Director of Labsk\u00e1 cesta o.p.s Nymburk<\/strong><\/p>\n\n\n\n<p>I first met Jind\u0159ich Vedlich on a ride called \u2018Tour de Labe Handicap\u2019 where barriers on the cycle path \u2018Labsk\u00e1 cyklotrasa\u2019 were charted. Although it was raining he rode his bicycle wearing his suit and tie and led the peloton and three handbikers through his city. Since then he has never missed a year although the events mostly take place at the weekends. We work together on removing barriers not only on that path. It is also thanks to Mr. Vedlich that we are able to reduce original rivalry between Hradec Kr\u00e1lov\u00e9 and Pardubice and change it into fruitful cooperation. I value his purposeful work on the Hradubick\u00e1 cyklostezka (cycle path between these two cities) and the city of Hradec Kr\u00e1lov\u00e9 development. If only there were more such politicians. <\/p>\n\n\n\n<div style=\"height:20px\" aria-hidden=\"true\" class=\"wp-block-spacer\"><\/div>\n\n\n\n<p><strong>ThDr. Martin Chadima, Th.D.<\/strong><\/p>\n\n\n\n<p><strong>Clergyman, Czechoslovak Hussite\nChurch<\/strong><\/p>\n\n\n\n<p>I have known Jind\u0159ich Vedlich for ages.\nI value him as a man, colleague and a person who cherishes Christian and\nhumanitarian values. I respect him for his diligence, purposefulness and honest\neffort to help the city and the region where he lives and which he likes. I think\nhighly of Jind\u0159ich Vedlich because he has kept his sense of humour despite his\nsolid social and political positions, he has not become arrogant but remained a\nhumble person unlike many politicians.&nbsp; <\/p>\n\n\n\n<div style=\"height:20px\" aria-hidden=\"true\" class=\"wp-block-spacer\"><\/div>\n\n\n\n<p><strong>Daniel Vl\u010dek<\/strong><\/p>\n\n\n\n<p><strong>Contrabass Teacher and Philharmonic\nHK member<\/strong><strong><\/strong><\/p>\n\n\n\n<p>The thing that binds me to Jind\u0159ich\nVedlich is our friendship we established at the Elementary School of Arts\nSt\u0159ezina as parent-teacher relation a few years ago. I highly value his opinion\nas to the city budget for the sphere of education, culture and social affairs\nas he thinks it should and must be balanced. He is an open and straightforward\npolitician. I do believe that Mr. Vedlich perceives the life as a journey, the\njourney to democracy and acting in the interest of the public as a service\nwhere it is possible to pursue his ideas, aims and ideals. It is honour for me\nto support him.<\/p>\n\n\n\n<div style=\"height:20px\" aria-hidden=\"true\" class=\"wp-block-spacer\"><\/div>\n\n\n\n<p><strong>Mgr. Zuzana Truhl\u00e1\u0159ov\u00e1, Ph.D.<\/strong><\/p>\n\n\n\n<p><strong>Institute of Social Work, University\nof Hradec Kr\u00e1lov\u00e9<\/strong><strong><\/strong><\/p>\n\n\n\n<p>I have known my colleague, Jind\u0159ich Vedlich, as a hardworking, dutiful and solid man. We have been working together in the sphere of social workers\u2019 education for long. Despite being busy he is working as a teacher and an assistant professor at the Institute of Social Work, University of Hradec Kr\u00e1lov\u00e9. His pedagogical activities are appreciated by both students and his colleagues. He deserves praise and thanks for his effort.<\/p>\n\n\n\n<div style=\"height:20px\" aria-hidden=\"true\" class=\"wp-block-spacer\"><\/div>\n\n\n\n<p><strong>Kamil Guzek<\/strong><\/p>\n\n\n\n<p><strong>5th Dan Karate, SK\nKarate Spartak Hradec Kr\u00e1lov\u00e9 trainer<\/strong><strong><\/strong><\/p>\n\n\n\n<p>I have known Mr. Jind\u0159ich Vedlich for\nlong. I have known him as an exemplary politician, karatist and caring father.\nI have ever admired his huge diligence and effort, reliability and humanity. It\nis right due to these qualities that it has been honour to me to cooperate with\nJind\u0159ich in dojo as a trainer or at numerous events organized by our club,\nincluding the Karate Grand Prix World\u2019s Cup, illustrative events or seminars\nwith Japanese karate instructors. I am also interested in his work in politics.\nI have ever been looking forward to meeting him as an organizer and personally.\nCorrect exercising karate is also focused on improvement of physical and mental\nqualities of a trainee, and especially strengthening the moral side of a person.\nFrom this point of view, Jind\u0159ich Vedlich is an exemplary karatist for me, no\nmatter his huge working load does not allow him to come to dojo as often as he\nwants.<\/p>\n\n\n\n<div style=\"height:20px\" aria-hidden=\"true\" class=\"wp-block-spacer\"><\/div>\n\n\n\n<p><strong>Lubo\u0161 Prokopec<\/strong><\/p>\n\n\n\n<p><strong>FC Hradec Kr\u00e1lov\u00e9<\/strong><\/p>\n\n\n\n<p>I have known Jind\u0159ich Vedlich for long.\nWe have met each other thanks to football when I trained six-year-old boys.\nEven then, when I was a young trainer, he was kind, open and fair to me. We met\nagain after some years thanks to football, and now we have opportunity to\ncooperate in Hradec Kr\u00e1lov\u00e9\u2019s football club. He supported us at the winning\nmoments as well as during all seasons when we were not doing particularly well.\nThanks to my personal experience, I can say he is reliable and always fulfils\nwhat he promises.<\/p>\n\n\n\n<div style=\"height:20px\" aria-hidden=\"true\" class=\"wp-block-spacer\"><\/div>\n\n\n\n<p><strong>Ing. Ji\u0159\u00ed Str\u00e1nsk\u00fd<\/strong><\/p>\n\n\n\n<p><strong>Member of PRO GO\u010c\u00c1R association<\/strong><\/p>\n\n\n\n<p>I have known Jindra Vedlich a number of\nyears. He is a person who is exceptional, I am sure. Enumerated in the alphabet\norder: communicative, fair-minded, friendly, helpful, honest, obliging, patient,\npolite, willing to help others, well-educated, yet with thirst for knowledge,\nversatile and interested in events. I am glad he is selflessly engaged in our\ncity and region prosperity. And personally, I am glad I have not missed him\neither in space or time.<\/p>\n\n\n\n<div style=\"height:20px\" aria-hidden=\"true\" class=\"wp-block-spacer\"><\/div>\n\n\n\n<p><strong>Ing. Jan Petrof<\/strong><\/p>\n\n\n\n<p><strong>Petrof, spol. s r. o.<\/strong><\/p>\n\n\n\n<p>I have known Jind\u0159ich Vedlich for many\nyears. He is honest, hard-working and loyal, he has a great sense of\nresponsibility. If only more such people worked in public administration.<\/p>\n\n\n\n<div style=\"height:20px\" aria-hidden=\"true\" class=\"wp-block-spacer\"><\/div>\n\n\n\n<p><strong>plk. g\u0161t. v.v. Ing. Miloslav Neuberg<\/strong><\/p>\n\n\n\n<p><strong>President of the 11<sup>th<\/sup> Regional Branch of Airmen Association of the\nCzech Republic in Hradec Kr\u00e1lov\u00e9<\/strong><\/p>\n\n\n\n<p>I have known Mr. Vedlich for many years\nand I am sure he is honest and responsible, he has helped a lot also us &#8211; our\nsocial organization \u2013 Czech Airmen Association. It is also his merit that air\nactivities at the airport in Hradec Kr\u00e1lov\u00e9 has been restored, as business\nactivities of air companies are being developed there, as well as is hosts national\ncultural and sports events. My thanks go to him especially for his personal assistance\nat unveiling a blue plague to our East-Bohemian airmen who lost their lives\nduring World War 2.<\/p>\n\n\n\n<div style=\"height:20px\" aria-hidden=\"true\" class=\"wp-block-spacer\"><\/div>\n\n\n\n<p><strong>PhDr. Pavel Hor\u00e1k, Ph.D.<\/strong><\/p>\n\n\n\n<p><strong>Director of Czech Boys\u2019 Choir Boni\nPueri&nbsp; <\/strong><\/p>\n\n\n\n<p>Everybody wishes our region would be administrated\nand represented by polite and wise people. I believe that Jind\u0159ich Vedlich was\nand will be such a person. I met him in the times when he faced the power\u2019s\nmalevolence as a student during the Velvet Revolution in Hradec Kr\u00e1lov\u00e9, and I\nsee him as an industrious and modest politician, who is able to work without\nuseless gestures to his own profit, but for welfare of all people in our city.<\/p>\n\n\n\n<div style=\"height:20px\" aria-hidden=\"true\" class=\"wp-block-spacer\"><\/div>\n\n\n\n<p><strong>PhDr. Jaru\u0161ka Mor\u00e1vkov\u00e1<\/strong><\/p>\n\n\n\n<p><strong>Therapist<\/strong><\/p>\n\n\n\n<p>I have known Jind\u0159ich Vedlich for many years. His daughter, Terezka, would come to me for physical exercising for some years, and we have been very close to each other since then. Mr. Vedlich encouraged me during my hard beginnings and helped me to find an appropriate place where I could work with my clients. I know he is honest and reliable, I trust him, I can turn to him for help or advice anytime. He does not promise what is impossible and he always does what he promises. <\/p>\n\n\n\n<div style=\"height:20px\" aria-hidden=\"true\" class=\"wp-block-spacer\"><\/div>\n\n\n\n<p><strong>Ing.\nVlastimil Klazar<\/strong><\/p>\n\n\n\n<p><strong>Authorized Civil Engineer \u010cKAIT\n(Czech Chamber of Engineers and Technicians) for transport constructions and\nmunicipal engineering branch<\/strong><\/p>\n\n\n\n<p>I have known Jindra for more than twenty years. He is conscientious, industrious and purposeful and has social empathy. Generally, he tries to react to people\u2019s needs to their satisfaction. He is known for supporting sports and social events. As Deputy Mayor he quickly oriented himself and complete many great events realized in Hradec Kr\u00e1lov\u00e9. I believe, he will ever defend rights of us, the Hradec citizens and care for flourishing our home town in all aspects. <\/p>\n\n\n\n<div style=\"height:20px\" aria-hidden=\"true\" class=\"wp-block-spacer\"><\/div>\n\n\n\n<p><strong>Prof. Ing. Karel Kol\u00e1\u0159, CSc.<\/strong><\/p>\n\n\n\n<p><strong>University Teacher<\/strong><\/p>\n\n\n\n<p>I have had a chance to cooperate with\nJind\u0159ich Vedlich within education of some branches guaranteed by our workplace.\nI know Jind\u0159ich Vedlich as a polite, industrious and responsible person.<\/p>\n\n\n\n<div style=\"height:40px\" aria-hidden=\"true\" class=\"wp-block-spacer\"><\/div>\n\n\n\n<h2 class=\"wp-block-heading\" id=\"03\"><strong>Slu\u0161n\u00e1 politika in Hradec Kr\u00e1lov\u00e9<\/strong><\/h2>\n\n\n\n<p>The Facebook profile SLU\u0160N\u00c1 POLITIKA V HRADCI (Polite politics in Hradec Kr\u00e1lov\u00e9) had been created to support me when I stood as a candidate in the local election with a credo: \u2018humanity, politeness and diligence\u2019. I thank all of them for their support. I pursue these values in my daily activities and I tried to propagate them in the Municipality Hradec Kr\u00e1lov\u00e9 and I will always do. Allow me to introduce updated contents of SLU\u0160N\u00c1 POLITIKA V HRADCI.<\/p>\n\n\n\n<p>In my opinion and by my experience\npublic administration should be performed by people who are aware of their\nobligations to the society. Holding the public office is not aimed to produce own\nwealth in favour of harming work efficiency. Elected representatives often do\nnot remember that their decisions affect society more or less \u2013 that is our\nlives. As long as the effort to their benefit will prevail we cannot have\neffective public administration advancing common interest.&nbsp; &nbsp;<\/p>\n\n\n\n<p>My aim in politics is nothing else but\nto advocate principles that are obvious in west Europe: the responsibility for\ntaken decisions, fair and correct decision-making, following public interests,\nefficiently investing public resources and so on. These are spheres that are\nnot paid enough attention in Czech milieu. Yet advocating of them leads to considerable\nimprovement in the public sector functioning. Principles of ethics and\nefficiency inclusion leads to economical spending public resources, and also to\nincrease in all taken steps. &nbsp;Therefore\nresources will be saved and outputs better.<\/p>\n\n\n\n<p>Provided you agree with that mentioned above and you want to participate in advocating SLU\u0160N\u00c9 POLITIKY V HRADCI be a part. You can comment or criticize events in the Municipality of the city of Hradec Kr\u00e1lov\u00e9, submit proposals for improving the situation, accent the spheres I should devote myself to and so on. Become a sympathizer of a group whose aim to make self-government work like in advanced countries.<\/p>\n\n\n\n<p><\/p>\n\n\n\n<div style=\"height:40px\" aria-hidden=\"true\" class=\"wp-block-spacer\"><\/div>\n\n\n\n<h2 class=\"wp-block-heading\" id=\"04\"><strong>Projects directed by Jind\u0159ich Vedlich<\/strong> <\/h2>\n\n\n\n<p> <strong>Selection of the completed projects directed by Jind\u0159ich Vedlich, when he was Deputy Mayor for the city development:<\/strong> <\/p>\n\n\n\n<ul class=\"wp-block-list\">\n<li>Cycling path Slatina \u2013 \u010cernilov <\/li>\n\n\n\n<li>Cycling path T\u0159ebe\u0161 \u2013 Vysok\u00e1 nad Labem<\/li>\n\n\n\n<li>Digital Planetarium of Communication <\/li>\n\n\n\n<li>Traffic Park incl. facilities<\/li>\n\n\n\n<li>Completing the Sports Hall T\u0159ebe\u0161<\/li>\n\n\n\n<li>D\u016fm u \u0160pul\u00e1k\u016f <\/li>\n\n\n\n<li>Firehouse B\u0159ezhrad<\/li>\n\n\n\n<li>City Walls &#8211; Ji\u017en\u00ed terasy and Terasy pod Kanovnick\u00fdmi domy restoration<\/li>\n\n\n\n<li>Playground Far\u00e1\u0159stv\u00ed<\/li>\n\n\n\n<li>Kindergarten playground &#8211; M\u0160 Kukleny<\/li>\n\n\n\n<li>Kindergarten playground &#8211; M\u0160 Ploti\u0161t\u011b<\/li>\n\n\n\n<li>Playground Olympia<\/li>\n\n\n\n<li>Sports field Sl\u00e1via<\/li>\n\n\n\n<li>School playing\/sports area Z\u0160 Hor\u00e1kova<\/li>\n\n\n\n<li>Pavement and cycling path Jana \u010cern\u00e9ho<\/li>\n\n\n\n<li>Pavement Kladsk\u00e1 Librantick\u00e1<\/li>\n\n\n\n<li>Pavement Svinary<\/li>\n\n\n\n<li>Klicperovo divadlo \u2013 the Theatre foyer renovation<\/li>\n\n\n\n<li>Crossroads Koruna and adjacent area<\/li>\n\n\n\n<li>Foot and cycling overcrossing by the Winter Stadium <\/li>\n\n\n\n<li>Machkova \u2013 pavement and zebra crossing<\/li>\n\n\n\n<li>M\u011bstsk\u00e9 l\u00e1zn\u011b \u2013 Slunn\u00e1 lou\u010dka (city swimming pool and sunbathing area)<\/li>\n\n\n\n<li>M\u0160 Kukleny construction<\/li>\n\n\n\n<li>M\u0160 Ploti\u0161t\u011b &#8211; Sever, playground and sewerage<\/li>\n\n\n\n<li>M\u0160 Podz\u00e1m\u010d\u00ed &#8211; construction<\/li>\n\n\n\n<li>M\u0160 Svobodn\u00e9 Dvory<\/li>\n\n\n\n<li>M\u0160 \u00daprkova<\/li>\n\n\n\n<li>Nov\u00e9 m\u011bstsk\u00e9 infocentrum (new municipal information centre)<\/li>\n\n\n\n<li>City-owned schools renovation<\/li>\n\n\n\n<li>Boni Pueri building renovation<\/li>\n\n\n\n<li>Eastern Bohemia Museum (National Heritage Site) &#8211; renovation of the building<\/li>\n\n\n\n<li>St. Nicolas Church in Jir\u00e1sek Park \u2013 renovation of the building<\/li>\n\n\n\n<li>Park Sklen\u011bnka <\/li>\n\n\n\n<li>Car Park, street Form\u00e1nkova<\/li>\n\n\n\n<li>Pedestrian crossing Resslova<\/li>\n\n\n\n<li>Crossing Na Ryb\u00e1rn\u011b and Hrub\u00ednova<\/li>\n\n\n\n<li>Daneta object extension in street Severn\u00ed ulice for Daneta purposes<\/li>\n\n\n\n<li>Regeneration of Bene\u0161ova Avenue, Stage 1 <\/li>\n\n\n\n<li>White Tower restoration <\/li>\n\n\n\n<li>River Labe right side bank renovation<\/li>\n\n\n\n<li>\u0160imek Park renovation<\/li>\n\n\n\n<li>Avenue t\u0159. \u010cSA restoration<\/li>\n\n\n\n<li>Street Uheln\u00e1 restoration<\/li>\n\n\n\n<li>Sports grounds Bavlna restoration<\/li>\n\n\n\n<li>factory Vertex revitalization \u2013 the centre for lifelong learning<\/li>\n\n\n\n<li>extension of kpt. Feuchtner car park <\/li>\n\n\n\n<li>stairs next to a city transport bus stop Ob\u0159\u00ed akv\u00e1rium<\/li>\n\n\n\n<li>Streets D\u011bdkova, \u0160tolbova, Slune\u010dn\u00e1<\/li>\n\n\n\n<li>Street Palack\u00e9ho incl. <\/li>\n\n\n\n<li>Traffic regime adjustment &#8211; Z\u0160 \u0160tefcova<\/li>\n\n\n\n<li>Hrub\u00ednova adjustments to parking \u2013street Hrub\u00ednova<\/li>\n\n\n\n<li>Philharmonic Orchestra Hradec Kr\u00e1lov\u00e9- building and room equipment<\/li>\n\n\n\n<li>Public green space \u2013 design and planting \u2013 Slezsk\u00e9 p\u0159edm\u011bst\u00ed (suburb)<\/li>\n\n\n\n<li>Z\u0160 Sever \u2013 sports\/playground extension and CCTV system<\/li>\n\n\n\n<li> Z\u0160 Svobodn\u00e9 Dvory \u2013 loft conversion <\/li>\n\n\n\n<li> <strong>And many more \u2026<\/strong> <\/li>\n<\/ul>\n\n\n\n<p><strong>The selection of planned projects directed by Jind\u0159ich Vedlich, Deputy Mayor for the city development:<\/strong><\/p>\n\n\n\n<ul class=\"wp-block-list\">\n<li>Asphalt path Zd\u011bn\u00e1 Bouda \u2013 the Forest Cemetery<\/li>\n\n\n\n<li>Centre for Education in Polytechnics<\/li>\n\n\n\n<li>Cycling path and road Tesco \u2013 Makro (building permit)<\/li>\n\n\n\n<li>Cycling path HK \u2013 St\u011b\u017eery<\/li>\n\n\n\n<li>Cycling path of Jan \u010cern\u00fd, stages<\/li>\n\n\n\n<li>Cycling path Mal\u0161ova Lhota \u2013 St\u0159\u00edbrn\u00fd rybn\u00edk<\/li>\n\n\n\n<li>Cycling path Piletice \u2013 Pouchov \u2013 Rusek&nbsp; (building permit for Piletice section)<\/li>\n\n\n\n<li>Cycling path Pl\u00e1cky \u2013 T\u0159ebe\u0161 (through Labsk\u00e1 cyklostezka)<\/li>\n\n\n\n<li>Further stages of Bene\u0161ova Avenue regeneration<\/li>\n\n\n\n<li>Extension of accessible path in the city territory <\/li>\n\n\n\n<li>Old People\u2019s Home Ko\u017eelu\u017ena<\/li>\n\n\n\n<li>Intelligent traffic system<\/li>\n\n\n\n<li>Crossroads Mileta <\/li>\n\n\n\n<li>New overcrossing at Aldis (building permit)<\/li>\n\n\n\n<li>New parks of small Labsk\u00fd n\u00e1hon (Pern\u0161tejn\u016f, S\u00e1dky, Ko\u017eelu\u017ena) (building permits)<\/li>\n\n\n\n<li>Odleh\u010dovac\u00ed slu\u017eba Honkova \u2013 lightening service project<\/li>\n\n\n\n<li>Street lights St\u0159\u00edbrn\u00fd rybn\u00edk \u2013 Svinary (building permit)<\/li>\n\n\n\n<li>Parking house by the Faculty Hospital <\/li>\n\n\n\n<li>crossroads Stolet\u00e1<\/li>\n\n\n\n<li>transfer intersection Fortna<\/li>\n\n\n\n<li>Hv\u011bzda area restoration<\/li>\n\n\n\n<li>Street Brn\u011bnsk\u00e1 and St. Wenceslas Square restoration<\/li>\n\n\n\n<li>Adalbertinum building restoration<\/li>\n\n\n\n<li>Streets Posp\u00ed\u0161ilova, Pra\u017esk\u00e1, Hlavn\u00ed restoration<\/li>\n\n\n\n<li>Street K&nbsp;Labi and section of street Machkova (building permit)<\/li>\n\n\n\n<li>Large Square restoration<\/li>\n\n\n\n<li>Forest Cemetery extension and renewal<\/li>\n\n\n\n<li>Severn\u00ed terasy (Northern Terraces)<\/li>\n\n\n\n<li>Sports area Svobodn\u00e9 dvory<\/li>\n\n\n\n<li>Sports Hall Pouchov (building permit)<\/li>\n\n\n\n<li>Path to&nbsp;Tern<\/li>\n\n\n\n<li>Use of Delen area in&nbsp;street Resslova <\/li>\n\n\n\n<li>Use of the airport area (completed study)<\/li>\n\n\n\n<li> <strong>And many more \u2026<\/strong> <\/li>\n<\/ul>\n","protected":false},"excerpt":{"rendered":"<p>Dear friends, Welcome to my Web pages. You will find information on my daily life. About Me | My Supporters | Slu\u0161n\u00e1 politika | Projects About Me I was born in Hradec Kr\u00e1lov\u00e9 and I have every stayed loyal to this beautiful city. It holds so many cherished memories of my childhood, studies and profession [&hellip;]<\/p>\n","protected":false},"author":1,"featured_media":0,"parent":0,"menu_order":0,"comment_status":"closed","ping_status":"closed","template":"","meta":{"_monsterinsights_skip_tracking":false,"_monsterinsights_sitenote_active":false,"_monsterinsights_sitenote_note":"","_monsterinsights_sitenote_category":0,"_uf_show_specific_survey":0,"_uf_disable_surveys":false,"footnotes":""},"class_list":["post-4461","page","type-page","status-publish","hentry"],"aioseo_notices":[],"_links":{"self":[{"href":"https:\/\/vedlich.info\/index.php?rest_route=\/wp\/v2\/pages\/4461","targetHints":{"allow":["GET"]}}],"collection":[{"href":"https:\/\/vedlich.info\/index.php?rest_route=\/wp\/v2\/pages"}],"about":[{"href":"https:\/\/vedlich.info\/index.php?rest_route=\/wp\/v2\/types\/page"}],"author":[{"embeddable":true,"href":"https:\/\/vedlich.info\/index.php?rest_route=\/wp\/v2\/users\/1"}],"replies":[{"embeddable":true,"href":"https:\/\/vedlich.info\/index.php?rest_route=%2Fwp%2Fv2%2Fcomments&post=4461"}],"version-history":[{"count":21,"href":"https:\/\/vedlich.info\/index.php?rest_route=\/wp\/v2\/pages\/4461\/revisions"}],"predecessor-version":[{"id":4758,"href":"https:\/\/vedlich.info\/index.php?rest_route=\/wp\/v2\/pages\/4461\/revisions\/4758"}],"wp:attachment":[{"href":"https:\/\/vedlich.info\/index.php?rest_route=%2Fwp%2Fv2%2Fmedia&parent=4461"}],"curies":[{"name":"wp","href":"https:\/\/api.w.org\/{rel}","templated":true}]}}